{"id":60,"date":"2019-05-27T20:38:35","date_gmt":"2019-05-27T20:38:35","guid":{"rendered":"http:\/\/kulturbahnhof.net\/?page_id=60"},"modified":"2019-11-08T09:27:47","modified_gmt":"2019-11-08T09:27:47","slug":"impressum","status":"publish","type":"page","link":"https:\/\/kulturbahnhof-beckum.de\/?page_id=60","title":{"rendered":"Impressum"},"content":{"rendered":"\n<p>Angaben gem\u00e4\u00df \u00a7 5 TMG<\/p>\n\n\n\n<p><strong>Datenschutzerkl\u00e4rung<\/strong><\/p>\n\n\n\n<p><strong>Allgemeiner Hinweis und Pflichtinformationen<\/strong><\/p>\n\n\n\n<p><strong>Benennung der verantwortlichen Stelle<\/strong><\/p>\n\n\n\n<p>Die verantwortliche Stelle f\u00fcr die Datenverarbeitung auf dieser Website ist:<\/p>\n\n\n\n<p>Stefan Oliver Schoenefeldt<br>\nBahnhofplatz 1<br>\n59269 Beckum<br>\nTelefon +49 2521 8 22 06 77<br>\nE-Mail: stefan@schoenefeldt.de<\/p>\n\n\n\n<p>Die verantwortliche Stelle entscheidet allein oder gemeinsam mit \nanderen \u00fcber die Zwecke und Mittel der Verarbeitung von \npersonenbezogenen Daten (z.B. Namen, Kontaktdaten o. \u00c4.).<\/p>\n\n\n\n<p><strong>Widerruf Ihrer Einwilligung zur Datenverarbeitung<\/strong><\/p>\n\n\n\n<p>Nur mit Ihrer ausdr\u00fccklichen Einwilligung sind einige Vorg\u00e4nge der \nDatenverarbeitung m\u00f6glich. Ein Widerruf Ihrer bereits erteilten \nEinwilligung ist jederzeit m\u00f6glich. F\u00fcr den Widerruf gen\u00fcgt eine \nformlose Mitteilung per E-Mail. Die Rechtm\u00e4\u00dfigkeit der bis zum Widerruf \nerfolgten Datenverarbeitung bleibt vom Widerruf unber\u00fchrt.<\/p>\n\n\n\n<p><strong>Recht auf Beschwerde bei der zust\u00e4ndigen Aufsichtsbeh\u00f6rde<\/strong><\/p>\n\n\n\n<p>Als Betroffener steht Ihnen im Falle eines datenschutzrechtlichen \nVersto\u00dfes ein Beschwerderecht bei der zust\u00e4ndigen Aufsichtsbeh\u00f6rde zu. \nZust\u00e4ndige Aufsichtsbeh\u00f6rde bez\u00fcglich datenschutzrechtlicher Fragen ist \nder Landesdatenschutzbeauftragte des Bundeslandes, in dem sich der Sitz \nunseres Unternehmens befindet. Der folgende Link stellt eine Liste der \nDatenschutzbeauftragten sowie deren Kontaktdaten bereit: <a href=\"https:\/\/www.bfdi.bund.de\/DE\/Infothek\/Anschriften_Links\/anschriften_links-node.html\" target=\"_blank\" rel=\"noreferrer noopener\">https:\/\/www.bfdi.bund.de\/DE\/Infothek\/Anschriften_Links\/anschriften_links-node.html<\/a>.<\/p>\n\n\n\n<p><strong>Recht auf Daten\u00fcbertragbarkeit<\/strong><\/p>\n\n\n\n<p>Ihnen steht das Recht zu, Daten, die wir auf Grundlage Ihrer \nEinwilligung oder in Erf\u00fcllung eines Vertrags automatisiert verarbeiten,\n an sich oder an Dritte aush\u00e4ndigen zu lassen. Die Bereitstellung \nerfolgt in einem maschinenlesbaren Format. Sofern Sie die direkte \n\u00dcbertragung der Daten an einen anderen Verantwortlichen verlangen, \nerfolgt dies nur, soweit es technisch machbar ist.<\/p>\n\n\n\n<p><strong>Recht auf Auskunft, Berichtigung, Sperrung, L\u00f6schung<\/strong><\/p>\n\n\n\n<p>Sie haben jederzeit im Rahmen der geltenden gesetzlichen Bestimmungen\n das Recht auf unentgeltliche Auskunft \u00fcber Ihre gespeicherten \npersonenbezogenen Daten, Herkunft der Daten, deren Empf\u00e4nger und den \nZweck der Datenverarbeitung und ggf. ein Recht auf Berichtigung, \nSperrung oder L\u00f6schung dieser Daten. Diesbez\u00fcglich und auch zu weiteren \nFragen zum Thema personenbezogene Daten k\u00f6nnen Sie sich jederzeit \u00fcber \ndie im Impressum aufgef\u00fchrten Kontaktm\u00f6glichkeiten an uns wenden.<\/p>\n\n\n\n<p><strong>SSL- bzw. TLS-Verschl\u00fcsselung<\/strong><\/p>\n\n\n\n<p>Aus Sicherheitsgr\u00fcnden und zum Schutz der \u00dcbertragung vertraulicher \nInhalte, die Sie an uns als Seitenbetreiber senden, nutzt unsere Website\n eine SSL-bzw. TLS-Verschl\u00fcsselung. Damit sind Daten, die Sie \u00fcber diese\n Website \u00fcbermitteln, f\u00fcr Dritte nicht mitlesbar. Sie erkennen eine \nverschl\u00fcsselte Verbindung an der \u201ehttps:\/\/\u201c Adresszeile Ihres Browsers \nund am Schloss-Symbol in der Browserzeile.<\/p>\n\n\n\n<p><strong>Kontaktformular<\/strong><\/p>\n\n\n\n<p>Per Kontaktformular \u00fcbermittelte Daten werden einschlie\u00dflich Ihrer \nKontaktdaten gespeichert, um Ihre Anfrage bearbeiten zu k\u00f6nnen oder um \nf\u00fcr Anschlussfragen bereitzustehen. Eine Weitergabe dieser Daten findet \nohne Ihre Einwilligung nicht statt.<\/p>\n\n\n\n<p>Die Verarbeitung der in das Kontaktformular eingegebenen Daten \nerfolgt ausschlie\u00dflich auf Grundlage Ihrer Einwilligung (Art. 6 Abs. 1 \nlit. a DSGVO). Ein Widerruf Ihrer bereits erteilten Einwilligung ist \njederzeit m\u00f6glich. F\u00fcr den Widerruf gen\u00fcgt eine formlose Mitteilung per \nE-Mail. Die Rechtm\u00e4\u00dfigkeit der bis zum Widerruf erfolgten \nDatenverarbeitungsvorg\u00e4nge bleibt vom Widerruf unber\u00fchrt.<\/p>\n\n\n\n<p>\u00dcber das Kontaktformular \u00fcbermittelte Daten verbleiben bei uns, bis \nSie uns zur L\u00f6schung auffordern, Ihre Einwilligung zur Speicherung \nwiderrufen oder keine Notwendigkeit der Datenspeicherung mehr besteht. \nZwingende gesetzliche Bestimmungen \u2013 insbesondere Aufbewahrungsfristen \u2013\n bleiben unber\u00fchrt.<\/p>\n\n\n\n<p><strong>Speicherdauer von Beitr\u00e4gen und Kommentaren<\/strong><\/p>\n\n\n\n<p>Beitr\u00e4ge und Kommentare sowie damit in Verbindung stehende Daten, wie\n beispielsweise IP-Adressen, werden gespeichert. Der Inhalt verbleibt \nauf unserer Website, bis er vollst\u00e4ndig gel\u00f6scht wurde oder aus \nrechtlichen Gr\u00fcnden gel\u00f6scht werden musste.<\/p>\n\n\n\n<p>Die Speicherung der Beitr\u00e4ge und Kommentare erfolgt auf Grundlage \nIhrer Einwilligung (Art. 6 Abs. 1 lit. a DSGVO). Ein Widerruf Ihrer \nbereits erteilten Einwilligung ist jederzeit m\u00f6glich. F\u00fcr den Widerruf \ngen\u00fcgt eine formlose Mitteilung per E-Mail. Die<br>\nRechtm\u00e4\u00dfigkeit bereits erfolgter Datenverarbeitungsvorg\u00e4nge bleibt vom Widerruf unber\u00fchrt.<\/p>\n\n\n\n<p><strong>YouTube<\/strong><\/p>\n\n\n\n<p>F\u00fcr Integration und Darstellung von Videoinhalten nutzt unsere \nWebsite Plugins von YouTube. Anbieter des Videoportals ist die YouTube, \nLLC, 901 Cherry Ave., San Bruno, CA 94066, USA.<\/p>\n\n\n\n<p>Bei Aufruf einer Seite mit integriertem YouTube-Plugin wird eine \nVerbindung zu den Servern von YouTube hergestellt. YouTube erf\u00e4hrt \nhierdurch, welche unserer Seiten Sie aufgerufen haben.<\/p>\n\n\n\n<p>YouTube kann Ihr Surfverhalten direkt Ihrem pers\u00f6nlichen Profil \nzuzuordnen, sollten Sie in Ihrem YouTube Konto eingeloggt sein. Durch \nvorheriges Ausloggen haben Sie die M\u00f6glichkeit, dies zu unterbinden.<\/p>\n\n\n\n<p>Die Nutzung von YouTube erfolgt im Interesse einer ansprechenden \nDarstellung unserer Online-Angebote. Dies stellt ein berechtigtes \nInteresse im Sinne von Art. 6 Abs. 1 lit. f DSGVO dar.<\/p>\n\n\n\n<p>Einzelheiten zum Umgang mit Nutzerdaten finden Sie in der Datenschutzerkl\u00e4rung von YouTube unter: <a href=\"https:\/\/www.google.de\/intl\/de\/policies\/privacy\">https:\/\/www.google.de\/intl\/de\/policies\/privacy<\/a>.<\/p>\n\n\n\n<p>Quelle: Datenschutz-Konfigurator von <a href=\"http:\/\/www.mein-datenschutzbeauftragter.de\" target=\"_blank\" rel=\"noreferrer noopener\">mein-datenschutzbeauftragter.de<\/a><\/p>\n\n\n\n<p><strong>Datenschutzerkl\u00e4rung f\u00fcr die Nutzung von Facebook-Plugins (Like-Button)<\/strong><\/p>\n\n\n\n<p>Auf unseren Seiten sind Plugins des sozialen Netzwerks Facebook, 1601\n South California Avenue, Palo Alto, CA 94304, USA integriert. Die \nFacebook-Plugins erkennen Sie an dem Facebook-Logo oder dem \n\u201eLike-Button\u201c (\u201eGef\u00e4llt mir\u201c) auf unserer Seite. Eine \u00dcbersicht \u00fcber die\n Facebook-Plugins finden Sie hier: \nhttp:\/\/developers.facebook.com\/docs\/plugins\/ Wenn Sie unsere Seiten \nbesuchen, wird \u00fcber das Plugin eine direkte Verbindung zwischen Ihrem \nBrowser und dem Facebook-Server hergestellt. Facebook erh\u00e4lt dadurch die\n Information, dass Sie mit Ihrer IP-Adresse unsere Seite besucht haben. \nWenn Sie den Facebook \u201eLike-Button\u201c anklicken w\u00e4hrend Sie in Ihrem \nFacebook-Account eingeloggt sind, k\u00f6nnen Sie die Inhalte unserer Seiten \nauf Ihrem Facebook-Profil verlinken. Dadurch kann Facebook den Besuch \nunserer Seiten Ihrem Benutzerkonto zuordnen. Wir weisen darauf hin, dass\n wir als Anbieter der Seiten keine Kenntnis vom Inhalt der \u00fcbermittelten\n Daten sowie deren Nutzung durch Facebook erhalten. Weitere \nInformationen hierzu finden Sie in der Datenschutzerkl\u00e4rung von facebook\n unter http:\/\/de-de.facebook.com\/policy.php<\/p>\n\n\n\n<p>Wenn Sie nicht w\u00fcnschen, dass Facebook den Besuch unserer Seiten \nIhrem Facebook-Nutzerkonto zuordnen kann, loggen Sie sich bitte aus \nIhrem Facebook-Benutzerkonto aus.<\/p>\n\n\n\n<p>Quelle: Facebook-Disclaimer von eRecht24.de<\/p>\n","protected":false},"excerpt":{"rendered":"<p>Angaben gem\u00e4\u00df \u00a7 5 TMG Datenschutzerkl\u00e4rung Allgemeiner Hinweis und Pflichtinformationen Benennung der verantwortlichen Stelle Die verantwortliche Stelle f\u00fcr die Datenverarbeitung auf dieser Website ist: Stefan Oliver Schoenefeldt Bahnhofplatz 1 59269 Beckum Telefon +49 2521 8 22 06 77 E-Mail: stefan@schoenefeldt.de Die verantwortliche Stelle entscheidet allein oder gemeinsam mit anderen \u00fcber die Zwecke und Mittel der<\/p><\/div>\n<div class=\"blog-btn\"><a href=\"https:\/\/kulturbahnhof-beckum.de\/?page_id=60\" class=\"home-blog-btn\">Weiterlesen<\/a><\/p>\n","protected":false},"author":1,"featured_media":0,"parent":0,"menu_order":0,"comment_status":"closed","ping_status":"closed","template":"","meta":{"footnotes":""},"class_list":["post-60","page","type-page","status-publish","hentry"],"_links":{"self":[{"href":"https:\/\/kulturbahnhof-beckum.de\/index.php?rest_route=\/wp\/v2\/pages\/60","targetHints":{"allow":["GET"]}}],"collection":[{"href":"https:\/\/kulturbahnhof-beckum.de\/index.php?rest_route=\/wp\/v2\/pages"}],"about":[{"href":"https:\/\/kulturbahnhof-beckum.de\/index.php?rest_route=\/wp\/v2\/types\/page"}],"author":[{"embeddable":true,"href":"https:\/\/kulturbahnhof-beckum.de\/index.php?rest_route=\/wp\/v2\/users\/1"}],"replies":[{"embeddable":true,"href":"https:\/\/kulturbahnhof-beckum.de\/index.php?rest_route=%2Fwp%2Fv2%2Fcomments&post=60"}],"version-history":[{"count":2,"href":"https:\/\/kulturbahnhof-beckum.de\/index.php?rest_route=\/wp\/v2\/pages\/60\/revisions"}],"predecessor-version":[{"id":113,"href":"https:\/\/kulturbahnhof-beckum.de\/index.php?rest_route=\/wp\/v2\/pages\/60\/revisions\/113"}],"wp:attachment":[{"href":"https:\/\/kulturbahnhof-beckum.de\/index.php?rest_route=%2Fwp%2Fv2%2Fmedia&parent=60"}],"curies":[{"name":"wp","href":"https:\/\/api.w.org\/{rel}","templated":true}]}}